{"id":2507,"date":"2024-11-26T12:26:23","date_gmt":"2024-11-26T11:26:23","guid":{"rendered":"https:\/\/aodf.fr\/wp-content\/uploads\/2024\/11\/13-1.jpg"},"modified":"2024-11-26T13:57:25","modified_gmt":"2024-11-26T12:57:25","slug":"13-3","status":"inherit","type":"attachment","link":"https:\/\/aodf.fr\/index.php\/client\/13-3\/","title":{"rendered":"M\u00e9lanie SELPUCHE \u2013 Une opticienne mobile \u00ab\u00a0NOUVELL&rsquo;OPTIQUE\u00a0\u00bb"},"author":1,"featured_media":0,"comment_status":"open","ping_status":"closed","template":"","meta":[],"class_list":["post-2507","attachment","type-attachment","status-inherit","hentry","entry"],"yoast_head":"<!-- This site is optimized with the Yoast SEO plugin v27.5 - https:\/\/yoast.com\/product\/yoast-seo-wordpress\/ -->\n<title>M\u00e9lanie SELPUCHE \u2013 Une opticienne mobile &quot;NOUVELL&#039;OPTIQUE&quot; - AODF<\/title>\n<meta name=\"robots\" content=\"index, follow, max-snippet:-1, max-image-preview:large, max-video-preview:-1\" \/>\n<link rel=\"canonical\" href=\"https:\/\/aodf.fr\/wp-content\/uploads\/2024\/11\/13-1.jpg\" \/>\n<meta property=\"og:locale\" content=\"fr_FR\" \/>\n<meta property=\"og:type\" content=\"article\" \/>\n<meta property=\"og:title\" content=\"M\u00e9lanie SELPUCHE \u2013 Une opticienne mobile &quot;NOUVELL&#039;OPTIQUE&quot; - AODF\" \/>\n<meta property=\"og:description\" content=\"Disponible dans le Var et les Alpes-Maritimes pour des consultations personnalis\u00e9es.\" \/>\n<meta property=\"og:url\" content=\"https:\/\/aodf.fr\/wp-content\/uploads\/2024\/11\/13-1.jpg\" \/>\n<meta property=\"og:site_name\" content=\"AODF\" \/>\n<meta property=\"article:modified_time\" content=\"2024-11-26T12:57:25+00:00\" \/>\n<meta property=\"og:image\" content=\"https:\/\/aodf.fr\/wp-content\/uploads\/2024\/11\/13-1.jpg\" \/>\n\t<meta property=\"og:image:width\" content=\"1080\" \/>\n\t<meta property=\"og:image:height\" content=\"1080\" \/>\n\t<meta property=\"og:image:type\" content=\"image\/jpeg\" \/>\n<meta name=\"twitter:card\" content=\"summary_large_image\" \/>\n<script type=\"application\/ld+json\" class=\"yoast-schema-graph\">{\"@context\":\"https:\\\/\\\/schema.org\",\"@graph\":[{\"@type\":\"WebPage\",\"@id\":\"https:\\\/\\\/aodf.fr\\\/wp-content\\\/uploads\\\/2024\\\/11\\\/13-1.jpg\",\"url\":\"https:\\\/\\\/aodf.fr\\\/wp-content\\\/uploads\\\/2024\\\/11\\\/13-1.jpg\",\"name\":\"M\u00e9lanie SELPUCHE \u2013 Une opticienne mobile \\\"NOUVELL'OPTIQUE\\\" - AODF\",\"isPartOf\":{\"@id\":\"https:\\\/\\\/aodf.fr\\\/#website\"},\"datePublished\":\"2024-11-26T11:26:23+00:00\",\"dateModified\":\"2024-11-26T12:57:25+00:00\",\"breadcrumb\":{\"@id\":\"https:\\\/\\\/aodf.fr\\\/wp-content\\\/uploads\\\/2024\\\/11\\\/13-1.jpg#breadcrumb\"},\"inLanguage\":\"fr-FR\",\"potentialAction\":[{\"@type\":\"ReadAction\",\"target\":[\"https:\\\/\\\/aodf.fr\\\/wp-content\\\/uploads\\\/2024\\\/11\\\/13-1.jpg\"]}]},{\"@type\":\"BreadcrumbList\",\"@id\":\"https:\\\/\\\/aodf.fr\\\/wp-content\\\/uploads\\\/2024\\\/11\\\/13-1.jpg#breadcrumb\",\"itemListElement\":[{\"@type\":\"ListItem\",\"position\":1,\"name\":\"Accueil\",\"item\":\"https:\\\/\\\/aodf.fr\\\/\"},{\"@type\":\"ListItem\",\"position\":2,\"name\":\"Client\",\"item\":\"https:\\\/\\\/aodf.fr\\\/index.php\\\/client\\\/\"},{\"@type\":\"ListItem\",\"position\":3,\"name\":\"M\u00e9lanie SELPUCHE \u2013 Une opticienne mobile \u00ab\u00a0NOUVELL&rsquo;OPTIQUE\u00a0\u00bb\"}]},{\"@type\":\"WebSite\",\"@id\":\"https:\\\/\\\/aodf.fr\\\/#website\",\"url\":\"https:\\\/\\\/aodf.fr\\\/\",\"name\":\"AODF\",\"description\":\"Association des Opticiens \u00e0 Domicile de France\",\"publisher\":{\"@id\":\"https:\\\/\\\/aodf.fr\\\/#organization\"},\"potentialAction\":[{\"@type\":\"SearchAction\",\"target\":{\"@type\":\"EntryPoint\",\"urlTemplate\":\"https:\\\/\\\/aodf.fr\\\/?s={search_term_string}\"},\"query-input\":{\"@type\":\"PropertyValueSpecification\",\"valueRequired\":true,\"valueName\":\"search_term_string\"}}],\"inLanguage\":\"fr-FR\"},{\"@type\":\"Organization\",\"@id\":\"https:\\\/\\\/aodf.fr\\\/#organization\",\"name\":\"AODF\",\"url\":\"https:\\\/\\\/aodf.fr\\\/\",\"logo\":{\"@type\":\"ImageObject\",\"inLanguage\":\"fr-FR\",\"@id\":\"https:\\\/\\\/aodf.fr\\\/#\\\/schema\\\/logo\\\/image\\\/\",\"url\":\"https:\\\/\\\/aodf.fr\\\/wp-content\\\/uploads\\\/2024\\\/07\\\/logo-aodf-sticky.png\",\"contentUrl\":\"https:\\\/\\\/aodf.fr\\\/wp-content\\\/uploads\\\/2024\\\/07\\\/logo-aodf-sticky.png\",\"width\":200,\"height\":122,\"caption\":\"AODF\"},\"image\":{\"@id\":\"https:\\\/\\\/aodf.fr\\\/#\\\/schema\\\/logo\\\/image\\\/\"}}]}<\/script>\n<!-- \/ Yoast SEO plugin. -->","yoast_head_json":{"title":"M\u00e9lanie SELPUCHE \u2013 Une opticienne mobile \"NOUVELL'OPTIQUE\" - AODF","robots":{"index":"index","follow":"follow","max-snippet":"max-snippet:-1","max-image-preview":"max-image-preview:large","max-video-preview":"max-video-preview:-1"},"canonical":"https:\/\/aodf.fr\/wp-content\/uploads\/2024\/11\/13-1.jpg","og_locale":"fr_FR","og_type":"article","og_title":"M\u00e9lanie SELPUCHE \u2013 Une opticienne mobile \"NOUVELL'OPTIQUE\" - AODF","og_description":"Disponible dans le Var et les Alpes-Maritimes pour des consultations personnalis\u00e9es.","og_url":"https:\/\/aodf.fr\/wp-content\/uploads\/2024\/11\/13-1.jpg","og_site_name":"AODF","article_modified_time":"2024-11-26T12:57:25+00:00","og_image":[{"width":1080,"height":1080,"url":"https:\/\/aodf.fr\/wp-content\/uploads\/2024\/11\/13-1.jpg","type":"image\/jpeg"}],"twitter_card":"summary_large_image","schema":{"@context":"https:\/\/schema.org","@graph":[{"@type":"WebPage","@id":"https:\/\/aodf.fr\/wp-content\/uploads\/2024\/11\/13-1.jpg","url":"https:\/\/aodf.fr\/wp-content\/uploads\/2024\/11\/13-1.jpg","name":"M\u00e9lanie SELPUCHE \u2013 Une opticienne mobile \"NOUVELL'OPTIQUE\" - AODF","isPartOf":{"@id":"https:\/\/aodf.fr\/#website"},"datePublished":"2024-11-26T11:26:23+00:00","dateModified":"2024-11-26T12:57:25+00:00","breadcrumb":{"@id":"https:\/\/aodf.fr\/wp-content\/uploads\/2024\/11\/13-1.jpg#breadcrumb"},"inLanguage":"fr-FR","potentialAction":[{"@type":"ReadAction","target":["https:\/\/aodf.fr\/wp-content\/uploads\/2024\/11\/13-1.jpg"]}]},{"@type":"BreadcrumbList","@id":"https:\/\/aodf.fr\/wp-content\/uploads\/2024\/11\/13-1.jpg#breadcrumb","itemListElement":[{"@type":"ListItem","position":1,"name":"Accueil","item":"https:\/\/aodf.fr\/"},{"@type":"ListItem","position":2,"name":"Client","item":"https:\/\/aodf.fr\/index.php\/client\/"},{"@type":"ListItem","position":3,"name":"M\u00e9lanie SELPUCHE \u2013 Une opticienne mobile \u00ab\u00a0NOUVELL&rsquo;OPTIQUE\u00a0\u00bb"}]},{"@type":"WebSite","@id":"https:\/\/aodf.fr\/#website","url":"https:\/\/aodf.fr\/","name":"AODF","description":"Association des Opticiens \u00e0 Domicile de France","publisher":{"@id":"https:\/\/aodf.fr\/#organization"},"potentialAction":[{"@type":"SearchAction","target":{"@type":"EntryPoint","urlTemplate":"https:\/\/aodf.fr\/?s={search_term_string}"},"query-input":{"@type":"PropertyValueSpecification","valueRequired":true,"valueName":"search_term_string"}}],"inLanguage":"fr-FR"},{"@type":"Organization","@id":"https:\/\/aodf.fr\/#organization","name":"AODF","url":"https:\/\/aodf.fr\/","logo":{"@type":"ImageObject","inLanguage":"fr-FR","@id":"https:\/\/aodf.fr\/#\/schema\/logo\/image\/","url":"https:\/\/aodf.fr\/wp-content\/uploads\/2024\/07\/logo-aodf-sticky.png","contentUrl":"https:\/\/aodf.fr\/wp-content\/uploads\/2024\/07\/logo-aodf-sticky.png","width":200,"height":122,"caption":"AODF"},"image":{"@id":"https:\/\/aodf.fr\/#\/schema\/logo\/image\/"}}]}},"description":{"rendered":"<p class=\"attachment\"><a href='https:\/\/aodf.fr\/wp-content\/uploads\/2024\/11\/13-1.jpg'><img fetchpriority=\"high\" decoding=\"async\" width=\"300\" height=\"300\" src=\"https:\/\/aodf.fr\/wp-content\/uploads\/2024\/11\/13-1-300x300.jpg\" class=\"attachment-medium size-medium\" alt=\"M\u00e9lanie SELPUCHE - Opticienne itin\u00e9rante dans le Var et les Alpes-Maritimes.\" srcset=\"https:\/\/aodf.fr\/wp-content\/uploads\/2024\/11\/13-1-300x300.jpg 300w, https:\/\/aodf.fr\/wp-content\/uploads\/2024\/11\/13-1-1024x1024.jpg 1024w, https:\/\/aodf.fr\/wp-content\/uploads\/2024\/11\/13-1-150x150.jpg 150w, https:\/\/aodf.fr\/wp-content\/uploads\/2024\/11\/13-1-768x768.jpg 768w, https:\/\/aodf.fr\/wp-content\/uploads\/2024\/11\/13-1-600x600.jpg 600w, https:\/\/aodf.fr\/wp-content\/uploads\/2024\/11\/13-1.jpg 1080w\" sizes=\"(max-width: 300px) 100vw, 300px\" \/><\/a><\/p>\n<p> M\u00e9lanie SELPUCHE est une opticienne exp\u00e9riment\u00e9e et passionn\u00e9e, membre de l\u2019AODF, qui propose des services optiques \u00e0 domicile. Gr\u00e2ce \u00e0 son approche personnalis\u00e9e, elle offre des consultations pratiques, incluant des examens de vue, des conseils adapt\u00e9s et un large choix de montures tendance. M\u00e9lanie est reconnue pour son professionnalisme et sa capacit\u00e9 \u00e0 cr\u00e9er une relation de confiance avec ses clients, leur garantissant des solutions visuelles de qualit\u00e9 dans le confort de leur domicile. <\/p>\n"},"caption":{"rendered":"<p>Disponible dans le Var et les Alpes-Maritimes pour des consultations personnalis\u00e9es.<\/p>\n"},"alt_text":"M\u00e9lanie SELPUCHE - Opticienne itin\u00e9rante dans le Var et les Alpes-Maritimes.","media_type":"image","mime_type":"image\/jpeg","media_details":{"width":1080,"height":1080,"file":"2024\/11\/13-1.jpg","filesize":121401,"sizes":{"medium":{"file":"13-1-300x300.jpg","width":300,"height":300,"filesize":20662,"mime_type":"image\/jpeg","source_url":"https:\/\/aodf.fr\/wp-content\/uploads\/2024\/11\/13-1-300x300.jpg"},"large":{"file":"13-1-1024x1024.jpg","width":1024,"height":1024,"filesize":105901,"mime_type":"image\/jpeg","source_url":"https:\/\/aodf.fr\/wp-content\/uploads\/2024\/11\/13-1-1024x1024.jpg"},"thumbnail":{"file":"13-1-150x150.jpg","width":150,"height":150,"filesize":9518,"mime_type":"image\/jpeg","source_url":"https:\/\/aodf.fr\/wp-content\/uploads\/2024\/11\/13-1-150x150.jpg"},"medium_large":{"file":"13-1-768x768.jpg","width":768,"height":768,"filesize":72089,"mime_type":"image\/jpeg","source_url":"https:\/\/aodf.fr\/wp-content\/uploads\/2024\/11\/13-1-768x768.jpg"},"ocean-thumb-m":{"file":"13-1-600x600.jpg","width":600,"height":600,"filesize":51349,"mime_type":"image\/jpeg","source_url":"https:\/\/aodf.fr\/wp-content\/uploads\/2024\/11\/13-1-600x600.jpg"},"ocean-thumb-ml":{"file":"13-1-800x450.jpg","width":800,"height":450,"filesize":48440,"mime_type":"image\/jpeg","source_url":"https:\/\/aodf.fr\/wp-content\/uploads\/2024\/11\/13-1-800x450.jpg"},"ocean-thumb-l":{"file":"13-1-1080x700.jpg","width":1080,"height":700,"filesize":85639,"mime_type":"image\/jpeg","source_url":"https:\/\/aodf.fr\/wp-content\/uploads\/2024\/11\/13-1-1080x700.jpg"},"full":{"file":"13-1.jpg","width":1080,"height":1080,"mime_type":"image\/jpeg","source_url":"https:\/\/aodf.fr\/wp-content\/uploads\/2024\/11\/13-1.jpg"}},"image_meta":{"aperture":"0","credit":"","camera":"","caption":"","created_timestamp":"0","copyright":"","focal_length":"0","iso":"0","shutter_speed":"0","title":"","orientation":"1","keywords":[]}},"post":937,"source_url":"https:\/\/aodf.fr\/wp-content\/uploads\/2024\/11\/13-1.jpg","_links":{"self":[{"href":"https:\/\/aodf.fr\/index.php\/wp-json\/wp\/v2\/media\/2507","targetHints":{"allow":["GET"]}}],"collection":[{"href":"https:\/\/aodf.fr\/index.php\/wp-json\/wp\/v2\/media"}],"about":[{"href":"https:\/\/aodf.fr\/index.php\/wp-json\/wp\/v2\/types\/attachment"}],"author":[{"embeddable":true,"href":"https:\/\/aodf.fr\/index.php\/wp-json\/wp\/v2\/users\/1"}],"replies":[{"embeddable":true,"href":"https:\/\/aodf.fr\/index.php\/wp-json\/wp\/v2\/comments?post=2507"}],"wp:attached-to":[{"embeddable":true,"post_type":"page","id":937,"href":"https:\/\/aodf.fr\/index.php\/wp-json\/wp\/v2\/pages\/937"}],"curies":[{"name":"wp","href":"https:\/\/api.w.org\/{rel}","templated":true}]}}